{"id":1895,"date":"2021-07-29T11:45:51","date_gmt":"2021-07-29T09:45:51","guid":{"rendered":"https:\/\/valortec.quai13.fr\/neutralite-carbone\/"},"modified":"2022-04-04T11:38:53","modified_gmt":"2022-04-04T09:38:53","slug":"transizione-soluzioni-basse-emissioni-carbonio","status":"publish","type":"page","link":"https:\/\/valortec.fr\/it\/impegni\/transizione-soluzioni-basse-emissioni-carbonio\/","title":{"rendered":"Transizione verso soluzioni a basse emissioni di carbonio"},"content":{"rendered":"\t\t<div data-elementor-type=\"wp-page\" data-elementor-id=\"1895\" class=\"elementor elementor-1895 elementor-83\" data-elementor-post-type=\"page\">\n\t\t\t\t\t\t<section class=\"elementor-section elementor-top-section elementor-element elementor-element-92baefe elementor-section-full_width elementor-section-stretched elementor-section-height-default elementor-section-height-default\" data-id=\"92baefe\" data-element_type=\"section\" data-e-type=\"section\" id=\"topSlider\" data-settings=\"{&quot;stretch_section&quot;:&quot;section-stretched&quot;}\">\n\t\t\t\t\t\t<div class=\"elementor-container elementor-column-gap-default\">\n\t\t\t\t\t<div class=\"elementor-column elementor-col-100 elementor-top-column elementor-element elementor-element-8aee6f5\" data-id=\"8aee6f5\" data-element_type=\"column\" data-e-type=\"column\">\n\t\t\t<div class=\"elementor-widget-wrap elementor-element-populated\">\n\t\t\t\t\t\t<div class=\"elementor-element elementor-element-558bc89 elementor--h-position-center elementor--v-position-middle elementor-arrows-position-inside elementor-pagination-position-inside elementor-widget elementor-widget-slides\" data-id=\"558bc89\" data-element_type=\"widget\" data-e-type=\"widget\" data-settings=\"{&quot;navigation&quot;:&quot;both&quot;,&quot;autoplay&quot;:&quot;yes&quot;,&quot;pause_on_hover&quot;:&quot;yes&quot;,&quot;pause_on_interaction&quot;:&quot;yes&quot;,&quot;autoplay_speed&quot;:5000,&quot;infinite&quot;:&quot;yes&quot;,&quot;transition&quot;:&quot;slide&quot;,&quot;transition_speed&quot;:500}\" data-widget_type=\"slides.default\">\n\t\t\t\t<div class=\"elementor-widget-container\">\n\t\t\t\t\t\t\t\t\t<div class=\"elementor-swiper\">\n\t\t\t\t\t<div class=\"elementor-slides-wrapper elementor-main-swiper swiper\" role=\"region\" aria-roledescription=\"carousel\" aria-label=\"Slides\" dir=\"ltr\" data-animation=\"fadeInUp\">\n\t\t\t\t<div class=\"swiper-wrapper elementor-slides\">\n\t\t\t\t\t\t\t\t\t\t<div class=\"elementor-repeater-item-183cdb8 swiper-slide\" role=\"group\" aria-roledescription=\"slide\"><div class=\"swiper-slide-bg\" role=\"img\" aria-label=\"AdobeStock_219848647\"><\/div><div class=\"swiper-slide-inner\" ><div class=\"swiper-slide-contents\"><\/div><\/div><\/div>\t\t\t\t<\/div>\n\t\t\t\t\t\t\t<\/div>\n\t\t\t\t<\/div>\n\t\t\t\t\t\t\t\t<\/div>\n\t\t\t\t<\/div>\n\t\t\t\t\t<\/div>\n\t\t<\/div>\n\t\t\t\t\t<\/div>\n\t\t<\/section>\n\t\t\t\t<section class=\"elementor-section elementor-top-section elementor-element elementor-element-0be9af9 elementor-section-boxed elementor-section-height-default elementor-section-height-default\" data-id=\"0be9af9\" data-element_type=\"section\" data-e-type=\"section\">\n\t\t\t\t\t\t<div class=\"elementor-container elementor-column-gap-default\">\n\t\t\t\t\t<div class=\"elementor-column elementor-col-100 elementor-top-column elementor-element elementor-element-ec09bc0\" data-id=\"ec09bc0\" data-element_type=\"column\" data-e-type=\"column\">\n\t\t\t<div class=\"elementor-widget-wrap elementor-element-populated\">\n\t\t\t\t\t\t<div class=\"elementor-element elementor-element-eede6fb elementor-widget elementor-widget-breadcrumbs\" data-id=\"eede6fb\" data-element_type=\"widget\" data-e-type=\"widget\" data-widget_type=\"breadcrumbs.default\">\n\t\t\t\t<div class=\"elementor-widget-container\">\n\t\t\t\t\t<p id=\"breadcrumbs\"><span><span><a href=\"https:\/\/valortec.fr\/it\/\">Accueil<\/a><\/span><\/span><\/p>\t\t\t\t<\/div>\n\t\t\t\t<\/div>\n\t\t\t\t\t<\/div>\n\t\t<\/div>\n\t\t\t\t\t<\/div>\n\t\t<\/section>\n\t\t\t\t<section class=\"elementor-section elementor-top-section elementor-element elementor-element-604d268 elementor-section-boxed elementor-section-height-default elementor-section-height-default\" data-id=\"604d268\" data-element_type=\"section\" data-e-type=\"section\">\n\t\t\t\t\t\t<div class=\"elementor-container elementor-column-gap-default\">\n\t\t\t\t\t<div class=\"elementor-column elementor-col-100 elementor-top-column elementor-element elementor-element-7e3cbf6\" data-id=\"7e3cbf6\" data-element_type=\"column\" data-e-type=\"column\">\n\t\t\t<div class=\"elementor-widget-wrap elementor-element-populated\">\n\t\t\t\t\t\t<div class=\"elementor-element elementor-element-c3e72bb elementor-widget elementor-widget-heading\" data-id=\"c3e72bb\" data-element_type=\"widget\" data-e-type=\"widget\" data-widget_type=\"heading.default\">\n\t\t\t\t<div class=\"elementor-widget-container\">\n\t\t\t\t\t<h2 class=\"elementor-heading-title elementor-size-default\">Transizione verso soluzioni a basse emissioni di carbonio<\/h2>\t\t\t\t<\/div>\n\t\t\t\t<\/div>\n\t\t\t\t<div class=\"elementor-element elementor-element-b5c24e1 elementor-widget elementor-widget-text-editor\" data-id=\"b5c24e1\" data-element_type=\"widget\" data-e-type=\"widget\" data-widget_type=\"text-editor.default\">\n\t\t\t\t<div class=\"elementor-widget-container\">\n\t\t\t\t\t\t\t\t\t<p>Il cambiamento climatico \u00e8 gi\u00e0 in atto in tutto il mondo. Condizioni climatiche estreme come siccit\u00e0, ondate di calore, forti piogge, inondazioni e frane sono sempre pi\u00f9 frequenti e interessano anche l\u2019Europa. L\u2019aumento del livello del mare, l\u2019acidificazione degli oceani e la perdita di biodiversit\u00e0 rappresentano altre conseguenze del rapido cambiamento climatico.<\/p>\t\t\t\t\t\t\t\t<\/div>\n\t\t\t\t<\/div>\n\t\t\t\t<div class=\"elementor-element elementor-element-91601d4 elementor-widget elementor-widget-text-editor\" data-id=\"91601d4\" data-element_type=\"widget\" data-e-type=\"widget\" data-widget_type=\"text-editor.default\">\n\t\t\t\t<div class=\"elementor-widget-container\">\n\t\t\t\t\t\t\t\t\t<p><strong>Per ridurre l\u2019impatto delle sue attivit\u00e0 e sostenere i clienti nella ricerca di soluzioni a basse emissioni di carbonio, il Gruppo Ortec ha elaborato un piano particolarmente ambizioso per contrastare il cambiamento climatico.<\/strong><\/p>\t\t\t\t\t\t\t\t<\/div>\n\t\t\t\t<\/div>\n\t\t\t\t<div class=\"elementor-element elementor-element-195e413 elementor-widget elementor-widget-text-editor\" data-id=\"195e413\" data-element_type=\"widget\" data-e-type=\"widget\" data-widget_type=\"text-editor.default\">\n\t\t\t\t<div class=\"elementor-widget-container\">\n\t\t\t\t\t\t\t\t\tRidurre il nostro impatto sull\u2019Ambiente, \nprevenire i rischi e garantire il rispetto delle normative.  \n\t\t\t\t\t\t\t\t<\/div>\n\t\t\t\t<\/div>\n\t\t\t\t<div class=\"elementor-element elementor-element-aed5e22 elementor-widget elementor-widget-text-editor\" data-id=\"aed5e22\" data-element_type=\"widget\" data-e-type=\"widget\" data-widget_type=\"text-editor.default\">\n\t\t\t\t<div class=\"elementor-widget-container\">\n\t\t\t\t\t\t\t\t\t<p>La necessit\u00e0 di ridurre l\u2019impatto delle nostre attivit\u00e0 \u00e8 di primaria importanza. Oltre alle misure che adottiamo per rispettare le normative, attuiamo anche una politica proattiva per ridurre le emissioni e i consumi.<\/p><p>Vogliamo allineare i nostri obiettivi di riduzione delle emissioni con quelli definiti dall\u2019iniziativa Science Based Target per contenere il riscaldamento globale al di sotto dei 2 \u00b0C.<\/p><p>Per raggiungere questo obiettivo, ci impegniamo a :<\/p><p>\u2022\u00a0 aiutare i nostri clienti a monitorare il loro impatto ambientale;<br \/>\u2022\u00a0 limitare l\u2019impatto delle nostre attivit\u00e0 e strutture;<br \/>\u2022\u00a0 rispettare tutte le leggi, le regole e i codici ambientali, a garanzia dell\u2019impegno assunto dal Gruppo e da ciascuno dei nostri dipendenti;<br \/>\u2022\u00a0 garantire che i nostri\u00a0 stabilimenti classificati per la protezione dell\u2019ambiente (ICPE) siano d\u2019esempio agli altri. Essi rappresentano il modello di riferimento in termini di buone pratiche, condivise da tutti gli stabilimenti, compresi quelli non classificati.<\/p><p>Oltre all\u2019obbligo normativo che prevede la pubblicazione dei bilanci dei gas serra ogni quattro anni sul sito dell\u2019ADEME, il Gruppo Ortec ha sviluppato una serie di iniziative ambiziose per rispondere all\u2019emergenza climatica.<\/p><p>Nel 2021, la direzione generale del Gruppo ha scelto di accelerare il processo attuando una strategia a basse emissioni di carbonio basata su due assi:<\/p><p>\u2022\u00a0 federazione dei team e definizione degli obiettivi di riduzione;<br \/>\u2022\u00a0 sostegno ai clienti e promozione di soluzioni a basse emissioni di carbonio.<\/p><p>A tal fine, abbiamo deciso di rivolgerci a GreenFlex, un\u2019azienda specializzata nel fornire supporto sulle transizioni energetiche, ambientali e sociali per assisterci in questo processo.<\/p><p>Inoltre, per attuare la nostra strategia a basse emissioni di carbonio, abbiamo scelto il metodo ACT (Assessing low Carbon Transition\u00ae) sviluppato da ADEME in collaborazione con il CDP (Carbon Disclosure Project).<\/p>\t\t\t\t\t\t\t\t<\/div>\n\t\t\t\t<\/div>\n\t\t\t\t\t<\/div>\n\t\t<\/div>\n\t\t\t\t\t<\/div>\n\t\t<\/section>\n\t\t\t\t<section class=\"elementor-section elementor-top-section elementor-element elementor-element-cc46caf elementor-section-boxed elementor-section-height-default elementor-section-height-default\" data-id=\"cc46caf\" data-element_type=\"section\" data-e-type=\"section\">\n\t\t\t\t\t\t<div class=\"elementor-container elementor-column-gap-default\">\n\t\t\t\t\t<div class=\"elementor-column elementor-col-100 elementor-top-column elementor-element elementor-element-5270a46\" data-id=\"5270a46\" data-element_type=\"column\" data-e-type=\"column\">\n\t\t\t<div class=\"elementor-widget-wrap elementor-element-populated\">\n\t\t\t\t\t\t<div class=\"elementor-element elementor-element-cc329ca specialtitle elementor-widget elementor-widget-heading\" data-id=\"cc329ca\" data-element_type=\"widget\" data-e-type=\"widget\" data-widget_type=\"heading.default\">\n\t\t\t\t<div class=\"elementor-widget-container\">\n\t\t\t\t\t<h2 class=\"elementor-heading-title elementor-size-default\">Piano climatico Ortec<\/h2>\t\t\t\t<\/div>\n\t\t\t\t<\/div>\n\t\t\t\t<div class=\"elementor-element elementor-element-3ac3d14 elementor-widget elementor-widget-text-editor\" data-id=\"3ac3d14\" data-element_type=\"widget\" data-e-type=\"widget\" data-widget_type=\"text-editor.default\">\n\t\t\t\t<div class=\"elementor-widget-container\">\n\t\t\t\t\t\t\t\t\t<p>Il piano climatico di Ortec \u00e8 realistico ma ambizioso: per questo, abbiamo scelto di attuarlo <strong>coinvolgendo i dipendenti del Gruppo attraverso workshop, nonch\u00e9 collaborando con i clienti mediante interviste<\/strong> per integrare e comprendere meglio le problematiche, le aspettative e gli obiettivi.<\/p>\t\t\t\t\t\t\t\t<\/div>\n\t\t\t\t<\/div>\n\t\t\t\t<div class=\"elementor-element elementor-element-1a5171d elementor-widget elementor-widget-text-editor\" data-id=\"1a5171d\" data-element_type=\"widget\" data-e-type=\"widget\" data-widget_type=\"text-editor.default\">\n\t\t\t\t<div class=\"elementor-widget-container\">\n\t\t\t\t\t\t\t\t\t<p><strong>Approccio<\/strong><\/p>\t\t\t\t\t\t\t\t<\/div>\n\t\t\t\t<\/div>\n\t\t\t\t<div class=\"elementor-element elementor-element-4d72c8d elementor-widget elementor-widget-text-editor\" data-id=\"4d72c8d\" data-element_type=\"widget\" data-e-type=\"widget\" data-widget_type=\"text-editor.default\">\n\t\t\t\t<div class=\"elementor-widget-container\">\n\t\t\t\t\t\t\t\t\t<p><strong>FEDERAZIONE DEI TEAM E DEFINIZIONE DEGLI OBIETTIVI DI RIDUZIONE<\/strong><\/p><p>\u2022\u00a0 Analisi dell\u2019impronta di carbonio di Ortec e valutazione del livello di integrazione di soluzioni a basse emissioni di carbonio<br \/>\u2022\u00a0 Organizzazione di workshop aziendali sui principali punti di emissione identificati<br \/>\u2022\u00a0 Identificazione degli orientamenti strategici a breve, medio e lungo termine per ogni categoria di emissioni e definizione degli obiettivi di riduzione<br \/>\u2022\u00a0 Sviluppo di un piano d\u2019azione a breve termine per ridurre le emissioni di gas serra delle attivit\u00e0 di Ortec<\/p><p><strong>SOSTEGNO AI CLIENTI E PROMOZIONE DI SOLUZIONI A BASSE EMISSIONI DI CARBONIO<\/strong><\/p><p>\u2022\u00a0 Analisi settoriali delle sfide legate all\u2019impatto ambientale a breve, medio e lungo termine di ogni settore studiato<br \/>\u2022\u00a0 Organizzazione di workshop di settore per immaginare il futuro del settore in un mondo a basse emissioni di carbonio e identificare le minacce e le opportunit\u00e0 per Ortec<br \/>\u2022\u00a0 Interviste con i clienti di Ortec per conoscere le loro aspettative in merito alle emissioni di carbonio<br \/>\u2022\u00a0 Sviluppo di un piano strategico per settore per sostenere i clienti nel processo di decarbonizzazione<\/p>\t\t\t\t\t\t\t\t<\/div>\n\t\t\t\t<\/div>\n\t\t\t\t<div class=\"elementor-element elementor-element-3b33d4d elementor-widget elementor-widget-spacer\" data-id=\"3b33d4d\" data-element_type=\"widget\" data-e-type=\"widget\" data-widget_type=\"spacer.default\">\n\t\t\t\t<div class=\"elementor-widget-container\">\n\t\t\t\t\t\t\t<div class=\"elementor-spacer\">\n\t\t\t<div class=\"elementor-spacer-inner\"><\/div>\n\t\t<\/div>\n\t\t\t\t\t\t<\/div>\n\t\t\t\t<\/div>\n\t\t\t\t\t<\/div>\n\t\t<\/div>\n\t\t\t\t\t<\/div>\n\t\t<\/section>\n\t\t\t\t<section class=\"elementor-section elementor-top-section elementor-element elementor-element-34c2688 elementor-section-boxed elementor-section-height-default elementor-section-height-default\" data-id=\"34c2688\" data-element_type=\"section\" data-e-type=\"section\">\n\t\t\t\t\t\t<div class=\"elementor-container elementor-column-gap-default\">\n\t\t\t\t\t<div class=\"elementor-column elementor-col-100 elementor-top-column elementor-element elementor-element-b2e9957\" data-id=\"b2e9957\" data-element_type=\"column\" data-e-type=\"column\">\n\t\t\t<div class=\"elementor-widget-wrap elementor-element-populated\">\n\t\t\t\t\t\t<div class=\"elementor-element elementor-element-c5f89c8 specialtitle elementor-widget elementor-widget-heading\" data-id=\"c5f89c8\" data-element_type=\"widget\" data-e-type=\"widget\" data-widget_type=\"heading.default\">\n\t\t\t\t<div class=\"elementor-widget-container\">\n\t\t\t\t\t<h2 class=\"elementor-heading-title elementor-size-default\">Azioni concrete sui nostri siti\nVALORTEC \n<\/h2>\t\t\t\t<\/div>\n\t\t\t\t<\/div>\n\t\t\t\t<div class=\"elementor-element elementor-element-5af73c5 elementor-widget elementor-widget-text-editor\" data-id=\"5af73c5\" data-element_type=\"widget\" data-e-type=\"widget\" data-widget_type=\"text-editor.default\">\n\t\t\t\t<div class=\"elementor-widget-container\">\n\t\t\t\t\t\t\t\t\t<ul><li>Dal 2019, effettuiamo i reporting delle emissioni di carbonio dei nostri due siti di trattamento, Valortec Rognac e Valortec Berre, sugli scope 1, 2 e 3. Questa azione \u00e8 stata il punto di partenza del nostro approccio di transizione verso soluzioni a basse emissioni di carbonio.<\/li><li>Nel 2020, con ADEME e l\u2019Association Bilan Carbone abbiamo qualificato un fattore di emissione di carbonio specifico per il combustibile liquido che produciamo a VALORTEC. L\u2019obiettivo \u00e8 dimostrare l\u2019utilit\u00e0 dell\u2019utilizzo del combustibile riciclato a base di carbonio VALORTEC nel mix energetico francese, poich\u00e9 evita una quantit\u00e0 significativa di emissioni di CO2 legate alla produzione di nuovi idrocarburi.<\/li><li>2021, cambio del combustibile della nostra caldaia: da marzo 2021, siamo passati dal gas naturale al biometano al 100%. Questo ci ha permesso di ridurre dell\u201980% le emissioni annue di carbonio presso questo sito (fonte ADEME).<\/li><li>2022, cambio di carburante sul nostro mezzo pesante: da aprile 2022, il nostro camion di raccolta funzioner\u00e0 con biocarburanti al 100%. Potremo cos\u00ec ridurre del 66% le emissioni annue di carbonio presso questo sito (fonte ADEME).<\/li><\/ul><p>Sono previste altre misure nei mesi e negli anni a venire !<\/p>\t\t\t\t\t\t\t\t<\/div>\n\t\t\t\t<\/div>\n\t\t\t\t<div class=\"elementor-element elementor-element-770177d elementor-widget elementor-widget-spacer\" data-id=\"770177d\" data-element_type=\"widget\" data-e-type=\"widget\" data-widget_type=\"spacer.default\">\n\t\t\t\t<div class=\"elementor-widget-container\">\n\t\t\t\t\t\t\t<div class=\"elementor-spacer\">\n\t\t\t<div class=\"elementor-spacer-inner\"><\/div>\n\t\t<\/div>\n\t\t\t\t\t\t<\/div>\n\t\t\t\t<\/div>\n\t\t\t\t\t<\/div>\n\t\t<\/div>\n\t\t\t\t\t<\/div>\n\t\t<\/section>\n\t\t\t\t<section class=\"elementor-section elementor-top-section elementor-element elementor-element-9f63ded elementor-section-stretched elementor-section-boxed elementor-section-height-default elementor-section-height-default\" data-id=\"9f63ded\" data-element_type=\"section\" data-e-type=\"section\" data-settings=\"{&quot;stretch_section&quot;:&quot;section-stretched&quot;,&quot;background_background&quot;:&quot;classic&quot;}\">\n\t\t\t\t\t\t\t<div class=\"elementor-background-overlay\"><\/div>\n\t\t\t\t\t\t\t<div class=\"elementor-container elementor-column-gap-default\">\n\t\t\t\t\t<div class=\"elementor-column elementor-col-100 elementor-top-column elementor-element elementor-element-a69f675\" data-id=\"a69f675\" data-element_type=\"column\" data-e-type=\"column\">\n\t\t\t<div class=\"elementor-widget-wrap elementor-element-populated\">\n\t\t\t\t\t\t<div class=\"elementor-element elementor-element-faf3c7b specialtitle elementor-widget elementor-widget-heading\" data-id=\"faf3c7b\" data-element_type=\"widget\" data-e-type=\"widget\" data-widget_type=\"heading.default\">\n\t\t\t\t<div class=\"elementor-widget-container\">\n\t\t\t\t\t<h2 class=\"elementor-heading-title elementor-size-default\">Cos'\u00e8 la neutralit\u00e0 carbonica?<\/h2>\t\t\t\t<\/div>\n\t\t\t\t<\/div>\n\t\t\t\t<section class=\"elementor-section elementor-inner-section elementor-element elementor-element-c00ceb8 elementor-section-full_width elementor-section-height-default elementor-section-height-default\" data-id=\"c00ceb8\" data-element_type=\"section\" data-e-type=\"section\" data-settings=\"{&quot;background_background&quot;:&quot;classic&quot;}\">\n\t\t\t\t\t\t<div class=\"elementor-container elementor-column-gap-default\">\n\t\t\t\t\t<div class=\"elementor-column elementor-col-50 elementor-inner-column elementor-element elementor-element-0c4efe6\" data-id=\"0c4efe6\" data-element_type=\"column\" data-e-type=\"column\">\n\t\t\t<div class=\"elementor-widget-wrap elementor-element-populated\">\n\t\t\t\t\t\t<div class=\"elementor-element elementor-element-d142bfa elementor-widget elementor-widget-heading\" data-id=\"d142bfa\" data-element_type=\"widget\" data-e-type=\"widget\" data-widget_type=\"heading.default\">\n\t\t\t\t<div class=\"elementor-widget-container\">\n\t\t\t\t\t<h3 class=\"elementor-heading-title elementor-size-default\">La neutralit\u00e0 carbonica dalla prospettiva francese: <\/h3>\t\t\t\t<\/div>\n\t\t\t\t<\/div>\n\t\t\t\t<div class=\"elementor-element elementor-element-d82cc00 elementor-widget elementor-widget-video\" data-id=\"d82cc00\" data-element_type=\"widget\" data-e-type=\"widget\" data-settings=\"{&quot;youtube_url&quot;:&quot;https:\\\/\\\/www.youtube.com\\\/watch?v=pcLRCyxefws&amp;feature=youtu.be&quot;,&quot;video_type&quot;:&quot;youtube&quot;,&quot;controls&quot;:&quot;yes&quot;}\" data-widget_type=\"video.default\">\n\t\t\t\t<div class=\"elementor-widget-container\">\n\t\t\t\t\t\t\t<div class=\"elementor-wrapper elementor-open-inline\">\n\t\t\t<div class=\"elementor-video\"><\/div>\t\t<\/div>\n\t\t\t\t\t\t<\/div>\n\t\t\t\t<\/div>\n\t\t\t\t\t<\/div>\n\t\t<\/div>\n\t\t\t\t<div class=\"elementor-column elementor-col-50 elementor-inner-column elementor-element elementor-element-0a245d8\" data-id=\"0a245d8\" data-element_type=\"column\" data-e-type=\"column\" data-settings=\"{&quot;background_background&quot;:&quot;classic&quot;}\">\n\t\t\t<div class=\"elementor-widget-wrap elementor-element-populated\">\n\t\t\t\t\t\t<div class=\"elementor-element elementor-element-ce22398 elementor-widget elementor-widget-text-editor\" data-id=\"ce22398\" data-element_type=\"widget\" data-e-type=\"widget\" data-widget_type=\"text-editor.default\">\n\t\t\t\t<div class=\"elementor-widget-container\">\n\t\t\t\t\t\t\t\t\t<p>La neutralit\u00e0 carbonica implica un equilibrio tra le emissioni di carbonio e l&#8217;assorbimento del carbonio dall&#8217;atmosfera tramite pozzi di carbonio. Per raggiungere lo zero netto, tutte le emissioni di gas serra nel mondo dovranno essere compensate dalla cattura del carbonio.<\/p><p>Un pozzo di carbonio \u00e8 un qualsiasi sistema che assorbe pi\u00f9 carbonio di quanto non ne emetta. I principali pozzi naturali di carbonio sono il suolo, <a href=\"https:\/\/www.europarl.europa.eu\/news\/it\/headlines\/society\/20170711STO79506\/foreste-e-cambiamento-climatico-compensare-le-emissioni-infografica\">le foreste<\/a> e gli oceani. Si stima che i pozzi naturali assorbano <a href=\"https:\/\/www.europarl.europa.eu\/RegData\/etudes\/STUD\/2018\/626092\/IPOL_STU(2018)626092_EN.pdf\">tra 9,5 e 11 gigatonnellate di CO2 all&#8217;anno<\/a>. Le emissioni globali annuali di CO2 hanno raggiunto la quota di <a href=\"https:\/\/ec.europa.eu\/jrc\/en\/news\/global-co2-emissions-continue-rise-eu-bucks-global-trend\">38,0 Gt<\/a> nel 2019.<\/p><p>Ad oggi, nessun pozzo artificiale pu\u00f2 rimuovere il carbonio dall&#8217;atmosfera su una scala sufficiente a combattere il riscaldamento globale.<\/p><p>Il carbonio immagazzinato nei pozzi naturali, come le foreste, viene rilasciato nell&#8217;atmosfera attraverso gli incendi, i cambiamenti di uso del suolo o il disboscamento. Ecco perch\u00e9 \u00e8 essenziale <a href=\"https:\/\/www.europarl.europa.eu\/news\/it\/headlines\/priorities\/cambiamento-climatico\/20180305STO99003\/ridurre-le-emissioni-di-anidride-carbonica-obiettivi-e-azioni-dell-ue\">ridurre le emissioni di carbonio<\/a> per raggiungere la neutralit\u00e0 climatica.<\/p>\t\t\t\t\t\t\t\t<\/div>\n\t\t\t\t<\/div>\n\t\t\t\t\t<\/div>\n\t\t<\/div>\n\t\t\t\t\t<\/div>\n\t\t<\/section>\n\t\t\t\t\t<\/div>\n\t\t<\/div>\n\t\t\t\t\t<\/div>\n\t\t<\/section>\n\t\t\t\t<\/div>\n\t\t","protected":false},"excerpt":{"rendered":"<p>Transizione verso soluzioni a basse emissioni di carbonio Il cambiamento climatico \u00e8 gi\u00e0 in atto in tutto il mondo. Condizioni climatiche estreme come siccit\u00e0, ondate di calore, forti piogge, inondazioni e frane sono sempre pi\u00f9 frequenti e interessano anche l\u2019Europa. &hellip;<\/p>\n<p class=\"read-more\"> <a class=\"more-link\" href=\"https:\/\/valortec.fr\/it\/impegni\/transizione-soluzioni-basse-emissioni-carbonio\/\"> <span class=\"screen-reader-text\">Transizione verso soluzioni a basse emissioni di carbonio<\/span> Leggi tutto &raquo;<\/a><\/p>\n","protected":false},"author":5,"featured_media":0,"parent":2200,"menu_order":0,"comment_status":"closed","ping_status":"closed","template":"template-valortec.php","meta":{"_acf_changed":false,"footnotes":""},"class_list":["post-1895","page","type-page","status-publish","hentry"],"acf":[],"yoast_head":"<!-- This site is optimized with the Yoast SEO plugin v27.4 - https:\/\/yoast.com\/product\/yoast-seo-wordpress\/ -->\n<title>Transizione verso soluzioni a basse emissioni di carbonio - Valortec<\/title>\n<meta name=\"robots\" content=\"index, follow, max-snippet:-1, max-image-preview:large, max-video-preview:-1\" \/>\n<link rel=\"canonical\" href=\"https:\/\/valortec.fr\/it\/impegni\/transizione-soluzioni-basse-emissioni-carbonio\/\" \/>\n<meta property=\"og:locale\" content=\"it_IT\" \/>\n<meta property=\"og:type\" content=\"article\" \/>\n<meta property=\"og:title\" content=\"Transizione verso soluzioni a basse emissioni di carbonio - Valortec\" \/>\n<meta property=\"og:description\" content=\"Transizione verso soluzioni a basse emissioni di carbonio Il cambiamento climatico \u00e8 gi\u00e0 in atto in tutto il mondo. Condizioni climatiche estreme come siccit\u00e0, ondate di calore, forti piogge, inondazioni e frane sono sempre pi\u00f9 frequenti e interessano anche l\u2019Europa. &hellip; Transizione verso soluzioni a basse emissioni di carbonio Leggi tutto &raquo;\" \/>\n<meta property=\"og:url\" content=\"https:\/\/valortec.fr\/it\/impegni\/transizione-soluzioni-basse-emissioni-carbonio\/\" \/>\n<meta property=\"og:site_name\" content=\"Valortec\" \/>\n<meta property=\"article:modified_time\" content=\"2022-04-04T09:38:53+00:00\" \/>\n<meta name=\"twitter:card\" content=\"summary_large_image\" \/>\n<meta name=\"twitter:label1\" content=\"Est. reading time\" \/>\n\t<meta name=\"twitter:data1\" content=\"4 minutes\" \/>\n<script type=\"application\/ld+json\" class=\"yoast-schema-graph\">{\"@context\":\"https:\\\/\\\/schema.org\",\"@graph\":[{\"@type\":\"WebPage\",\"@id\":\"https:\\\/\\\/valortec.fr\\\/it\\\/impegni\\\/transizione-soluzioni-basse-emissioni-carbonio\\\/\",\"url\":\"https:\\\/\\\/valortec.fr\\\/it\\\/impegni\\\/transizione-soluzioni-basse-emissioni-carbonio\\\/\",\"name\":\"Transizione verso soluzioni a basse emissioni di carbonio - Valortec\",\"isPartOf\":{\"@id\":\"https:\\\/\\\/valortec.fr\\\/it\\\/#website\"},\"datePublished\":\"2021-07-29T09:45:51+00:00\",\"dateModified\":\"2022-04-04T09:38:53+00:00\",\"breadcrumb\":{\"@id\":\"https:\\\/\\\/valortec.fr\\\/it\\\/impegni\\\/transizione-soluzioni-basse-emissioni-carbonio\\\/#breadcrumb\"},\"inLanguage\":\"it-IT\",\"potentialAction\":[{\"@type\":\"ReadAction\",\"target\":[\"https:\\\/\\\/valortec.fr\\\/it\\\/impegni\\\/transizione-soluzioni-basse-emissioni-carbonio\\\/\"]}]},{\"@type\":\"BreadcrumbList\",\"@id\":\"https:\\\/\\\/valortec.fr\\\/it\\\/impegni\\\/transizione-soluzioni-basse-emissioni-carbonio\\\/#breadcrumb\",\"itemListElement\":[{\"@type\":\"ListItem\",\"position\":1,\"name\":\"Casa\",\"item\":\"https:\\\/\\\/valortec.fr\\\/it\\\/\"},{\"@type\":\"ListItem\",\"position\":2,\"name\":\"Impegni\",\"item\":\"https:\\\/\\\/valortec.fr\\\/it\\\/impegni\\\/\"},{\"@type\":\"ListItem\",\"position\":3,\"name\":\"Transizione verso soluzioni a basse emissioni di carbonio\"}]},{\"@type\":\"WebSite\",\"@id\":\"https:\\\/\\\/valortec.fr\\\/it\\\/#website\",\"url\":\"https:\\\/\\\/valortec.fr\\\/it\\\/\",\"name\":\"Valortec\",\"description\":\"Une solution environnementale au service de l'&eacute;conomie circulaire.\",\"publisher\":{\"@id\":\"https:\\\/\\\/valortec.fr\\\/it\\\/#organization\"},\"potentialAction\":[{\"@type\":\"SearchAction\",\"target\":{\"@type\":\"EntryPoint\",\"urlTemplate\":\"https:\\\/\\\/valortec.fr\\\/it\\\/?s={search_term_string}\"},\"query-input\":{\"@type\":\"PropertyValueSpecification\",\"valueRequired\":true,\"valueName\":\"search_term_string\"}}],\"inLanguage\":\"it-IT\"},{\"@type\":\"Organization\",\"@id\":\"https:\\\/\\\/valortec.fr\\\/it\\\/#organization\",\"name\":\"Valortec\",\"url\":\"https:\\\/\\\/valortec.fr\\\/it\\\/\",\"logo\":{\"@type\":\"ImageObject\",\"inLanguage\":\"it-IT\",\"@id\":\"https:\\\/\\\/valortec.fr\\\/it\\\/#\\\/schema\\\/logo\\\/image\\\/\",\"url\":\"http:\\\/\\\/valortec.fr\\\/wp-content\\\/uploads\\\/2022\\\/02\\\/logo_fr@2x.jpg\",\"contentUrl\":\"http:\\\/\\\/valortec.fr\\\/wp-content\\\/uploads\\\/2022\\\/02\\\/logo_fr@2x.jpg\",\"width\":480,\"height\":126,\"caption\":\"Valortec\"},\"image\":{\"@id\":\"https:\\\/\\\/valortec.fr\\\/it\\\/#\\\/schema\\\/logo\\\/image\\\/\"}}]}<\/script>\n<!-- \/ Yoast SEO plugin. -->","yoast_head_json":{"title":"Transizione verso soluzioni a basse emissioni di carbonio - Valortec","robots":{"index":"index","follow":"follow","max-snippet":"max-snippet:-1","max-image-preview":"max-image-preview:large","max-video-preview":"max-video-preview:-1"},"canonical":"https:\/\/valortec.fr\/it\/impegni\/transizione-soluzioni-basse-emissioni-carbonio\/","og_locale":"it_IT","og_type":"article","og_title":"Transizione verso soluzioni a basse emissioni di carbonio - Valortec","og_description":"Transizione verso soluzioni a basse emissioni di carbonio Il cambiamento climatico \u00e8 gi\u00e0 in atto in tutto il mondo. Condizioni climatiche estreme come siccit\u00e0, ondate di calore, forti piogge, inondazioni e frane sono sempre pi\u00f9 frequenti e interessano anche l\u2019Europa. &hellip; Transizione verso soluzioni a basse emissioni di carbonio Leggi tutto &raquo;","og_url":"https:\/\/valortec.fr\/it\/impegni\/transizione-soluzioni-basse-emissioni-carbonio\/","og_site_name":"Valortec","article_modified_time":"2022-04-04T09:38:53+00:00","twitter_card":"summary_large_image","twitter_misc":{"Est. reading time":"4 minutes"},"schema":{"@context":"https:\/\/schema.org","@graph":[{"@type":"WebPage","@id":"https:\/\/valortec.fr\/it\/impegni\/transizione-soluzioni-basse-emissioni-carbonio\/","url":"https:\/\/valortec.fr\/it\/impegni\/transizione-soluzioni-basse-emissioni-carbonio\/","name":"Transizione verso soluzioni a basse emissioni di carbonio - Valortec","isPartOf":{"@id":"https:\/\/valortec.fr\/it\/#website"},"datePublished":"2021-07-29T09:45:51+00:00","dateModified":"2022-04-04T09:38:53+00:00","breadcrumb":{"@id":"https:\/\/valortec.fr\/it\/impegni\/transizione-soluzioni-basse-emissioni-carbonio\/#breadcrumb"},"inLanguage":"it-IT","potentialAction":[{"@type":"ReadAction","target":["https:\/\/valortec.fr\/it\/impegni\/transizione-soluzioni-basse-emissioni-carbonio\/"]}]},{"@type":"BreadcrumbList","@id":"https:\/\/valortec.fr\/it\/impegni\/transizione-soluzioni-basse-emissioni-carbonio\/#breadcrumb","itemListElement":[{"@type":"ListItem","position":1,"name":"Casa","item":"https:\/\/valortec.fr\/it\/"},{"@type":"ListItem","position":2,"name":"Impegni","item":"https:\/\/valortec.fr\/it\/impegni\/"},{"@type":"ListItem","position":3,"name":"Transizione verso soluzioni a basse emissioni di carbonio"}]},{"@type":"WebSite","@id":"https:\/\/valortec.fr\/it\/#website","url":"https:\/\/valortec.fr\/it\/","name":"Valortec","description":"Une solution environnementale au service de l'&eacute;conomie circulaire.","publisher":{"@id":"https:\/\/valortec.fr\/it\/#organization"},"potentialAction":[{"@type":"SearchAction","target":{"@type":"EntryPoint","urlTemplate":"https:\/\/valortec.fr\/it\/?s={search_term_string}"},"query-input":{"@type":"PropertyValueSpecification","valueRequired":true,"valueName":"search_term_string"}}],"inLanguage":"it-IT"},{"@type":"Organization","@id":"https:\/\/valortec.fr\/it\/#organization","name":"Valortec","url":"https:\/\/valortec.fr\/it\/","logo":{"@type":"ImageObject","inLanguage":"it-IT","@id":"https:\/\/valortec.fr\/it\/#\/schema\/logo\/image\/","url":"http:\/\/valortec.fr\/wp-content\/uploads\/2022\/02\/logo_fr@2x.jpg","contentUrl":"http:\/\/valortec.fr\/wp-content\/uploads\/2022\/02\/logo_fr@2x.jpg","width":480,"height":126,"caption":"Valortec"},"image":{"@id":"https:\/\/valortec.fr\/it\/#\/schema\/logo\/image\/"}}]}},"_links":{"self":[{"href":"https:\/\/valortec.fr\/it\/wp-json\/wp\/v2\/pages\/1895","targetHints":{"allow":["GET"]}}],"collection":[{"href":"https:\/\/valortec.fr\/it\/wp-json\/wp\/v2\/pages"}],"about":[{"href":"https:\/\/valortec.fr\/it\/wp-json\/wp\/v2\/types\/page"}],"author":[{"embeddable":true,"href":"https:\/\/valortec.fr\/it\/wp-json\/wp\/v2\/users\/5"}],"replies":[{"embeddable":true,"href":"https:\/\/valortec.fr\/it\/wp-json\/wp\/v2\/comments?post=1895"}],"version-history":[{"count":12,"href":"https:\/\/valortec.fr\/it\/wp-json\/wp\/v2\/pages\/1895\/revisions"}],"predecessor-version":[{"id":2667,"href":"https:\/\/valortec.fr\/it\/wp-json\/wp\/v2\/pages\/1895\/revisions\/2667"}],"up":[{"embeddable":true,"href":"https:\/\/valortec.fr\/it\/wp-json\/wp\/v2\/pages\/2200"}],"wp:attachment":[{"href":"https:\/\/valortec.fr\/it\/wp-json\/wp\/v2\/media?parent=1895"}],"curies":[{"name":"wp","href":"https:\/\/api.w.org\/{rel}","templated":true}]}}